{"id":1383,"date":"2025-08-20T19:30:21","date_gmt":"2025-08-20T17:30:21","guid":{"rendered":"https:\/\/25.museum-lindwurm.ch\/datenschutzerklaerung-2\/"},"modified":"2026-07-20T15:23:15","modified_gmt":"2026-07-20T13:23:15","slug":"datenschutzerklaerung-2","status":"publish","type":"page","link":"https:\/\/www.museum-lindwurm.ch\/en\/datenschutzerklaerung-2\/","title":{"rendered":"Datenschutzerkl\u00e4rung"},"content":{"rendered":"[vc_row type=&#8221;full_width_content&#8221; full_screen_row_position=&#8221;middle&#8221; column_margin=&#8221;default&#8221; column_direction=&#8221;default&#8221; column_direction_tablet=&#8221;default&#8221; column_direction_phone=&#8221;default&#8221; scene_position=&#8221;center&#8221; text_color=&#8221;dark&#8221; text_align=&#8221;left&#8221; row_border_radius=&#8221;none&#8221; row_border_radius_applies=&#8221;bg&#8221; zindex=&#8221;0&#8243; row_position_desktop=&#8221;default&#8221; row_position_tablet=&#8221;inherit&#8221; row_position_phone=&#8221;inherit&#8221; overflow=&#8221;visible&#8221; id=&#8221;hero&#8221; overlay_strength=&#8221;0.3&#8243; gradient_direction=&#8221;left_to_right&#8221; shape_divider_position=&#8221;bottom&#8221; bg_image_animation=&#8221;none&#8221; gradient_type=&#8221;default&#8221; shape_type=&#8221;&#8221;][vc_column column_padding=&#8221;no-extra-padding&#8221; column_padding_tablet=&#8221;inherit&#8221; column_padding_phone=&#8221;inherit&#8221; column_padding_position=&#8221;all&#8221; flex_gap_desktop=&#8221;10px&#8221; column_element_direction_desktop=&#8221;default&#8221; column_element_spacing=&#8221;default&#8221; desktop_text_alignment=&#8221;default&#8221; tablet_text_alignment=&#8221;default&#8221; phone_text_alignment=&#8221;default&#8221; background_color_opacity=&#8221;1&#8243; background_hover_color_opacity=&#8221;1&#8243; column_backdrop_filter=&#8221;none&#8221; column_shadow=&#8221;none&#8221; column_border_radius=&#8221;none&#8221; column_link_target=&#8221;_self&#8221; column_position=&#8221;default&#8221; gradient_direction=&#8221;left_to_right&#8221; overlay_strength=&#8221;0.3&#8243; width=&#8221;1\/1&#8243; tablet_width_inherit=&#8221;default&#8221; animation_type=&#8221;default&#8221; bg_image_animation=&#8221;none&#8221; border_type=&#8221;simple&#8221; column_border_width=&#8221;none&#8221; column_border_style=&#8221;solid&#8221;]\n\t\t\t\t<p class=\"rs-p-wp-fix\"><\/p>\n\t\t\t\t<sr7-module data-alias=\"hero-slider-final-version-05-2025-1\" data-id=\"20\" id=\"SR7_20_1\" class=\"rs-ov-hidden\" data-version=\"6.7.58\">\n\t\t\t\t\t<sr7-adjuster><\/sr7-adjuster>\n\t\t\t\t\t<sr7-content>\n\t\t\t\t\t\t<sr7-slide id=\"SR7_20_1-56\" data-key=\"56\">\n\t\t\t\t\t\t<\/sr7-slide>\n\t\t\t\t\t\t<sr7-slide id=\"SR7_20_1-57\" data-key=\"57\">\n\t\t\t\t\t\t<\/sr7-slide>\n\t\t\t\t\t<\/sr7-content>\n\t\t\t\t\t<image_lists style=\"display:none\">\n\t\t\t\t\t\t<img data-src=\"\/\/www.museum-lindwurm.ch\/wp-content\/uploads\/2025\/05\/Ebene2-RosaFlaecheundKreis.webp\" data-libid=\"784\" data-lib=\"medialibrary\" title=\"Ebene2-RosaFlaecheundKreis\" width=\"0\" height=\"0\" data-dbsrc=\"Ly93d3cubXVzZXVtLWxpbmR3dXJtLmNoL3dwLWNvbnRlbnQvdXBsb2Fkcy8yMDI1LzA1L0ViZW5lMi1Sb3NhRmxhZWNoZXVuZEtyZWlzLndlYnA=\"\/>\n\t\t\t\t\t\t<img data-src=\"\/\/www.museum-lindwurm.ch\/wp-content\/uploads\/2025\/05\/Ebene3-Kreisbild-2_Korn.webp\" data-libid=\"786\" data-lib=\"medialibrary\" title=\"Ebene3-Kreisbild-2_Korn\" width=\"0\" height=\"0\" data-dbsrc=\"Ly93d3cubXVzZXVtLWxpbmR3dXJtLmNoL3dwLWNvbnRlbnQvdXBsb2Fkcy8yMDI1LzA1L0ViZW5lMy1LcmVpc2JpbGQtMl9Lb3JuLndlYnA=\"\/>\n\t\t\t\t\t\t<img data-src=\"\/\/www.museum-lindwurm.ch\/wp-content\/uploads\/2025\/05\/Ebene1-Raum-2_Dachboden.webp\" data-libid=\"787\" data-lib=\"medialibrary\" title=\"Ebene1-Raum-2_Dachboden\" width=\"0\" height=\"0\" data-dbsrc=\"Ly93d3cubXVzZXVtLWxpbmR3dXJtLmNoL3dwLWNvbnRlbnQvdXBsb2Fkcy8yMDI1LzA1L0ViZW5lMS1SYXVtLTJfRGFjaGJvZGVuLndlYnA=\"\/>\n\t\t\t\t\t\t<img data-src=\"\/\/www.museum-lindwurm.ch\/wp-content\/uploads\/2025\/05\/Ebene3-Kreisbild-3_Geschirr.webp\" data-libid=\"788\" data-lib=\"medialibrary\" title=\"Ebene3-Kreisbild-3_Geschirr\" width=\"0\" height=\"0\" data-dbsrc=\"Ly93d3cubXVzZXVtLWxpbmR3dXJtLmNoL3dwLWNvbnRlbnQvdXBsb2Fkcy8yMDI1LzA1L0ViZW5lMy1LcmVpc2JpbGQtM19HZXNjaGlyci53ZWJw\"\/>\n\t\t\t\t\t\t<img data-src=\"\/\/www.museum-lindwurm.ch\/wp-content\/uploads\/2025\/05\/Ebene1-Raum-3_Stube_mit_Ofen.webp\" data-libid=\"789\" data-lib=\"medialibrary\" title=\"Ebene1-Raum-3_Stube_mit_Ofen\" width=\"0\" height=\"0\" data-dbsrc=\"Ly93d3cubXVzZXVtLWxpbmR3dXJtLmNoL3dwLWNvbnRlbnQvdXBsb2Fkcy8yMDI1LzA1L0ViZW5lMS1SYXVtLTNfU3R1YmVfbWl0X09mZW4ud2VicA==\"\/>\n\t\t\t\t\t\t<img data-src=\"\/\/www.museum-lindwurm.ch\/wp-content\/uploads\/2025\/04\/Ebene3-Kreisbild.webp\" data-libid=\"777\" data-lib=\"medialibrary\" title=\"Ebene3-Kreisbild\" width=\"0\" height=\"0\" data-dbsrc=\"Ly93d3cubXVzZXVtLWxpbmR3dXJtLmNoL3dwLWNvbnRlbnQvdXBsb2Fkcy8yMDI1LzA0L0ViZW5lMy1LcmVpc2JpbGQud2VicA==\"\/>\n\t\t\t\t\t\t<img data-src=\"\/\/www.museum-lindwurm.ch\/wp-content\/uploads\/2025\/05\/Ebene1-RaumHintergrund.webp\" data-libid=\"783\" data-lib=\"medialibrary\" title=\"Ebene1-RaumHintergrund\" width=\"0\" height=\"0\" data-dbsrc=\"Ly93d3cubXVzZXVtLWxpbmR3dXJtLmNoL3dwLWNvbnRlbnQvdXBsb2Fkcy8yMDI1LzA1L0ViZW5lMS1SYXVtSGludGVyZ3J1bmQud2VicA==\"\/>\n\t\t\t\t\t\t<img data-src=\"\/\/www.museum-lindwurm.ch\/wp-content\/uploads\/2025\/05\/Ebene3-Kreisbild_Haus.webp\" data-libid=\"785\" data-lib=\"medialibrary\" title=\"Ebene3-Kreisbild_Haus\" width=\"0\" height=\"0\" data-dbsrc=\"Ly93d3cubXVzZXVtLWxpbmR3dXJtLmNoL3dwLWNvbnRlbnQvdXBsb2Fkcy8yMDI1LzA1L0ViZW5lMy1LcmVpc2JpbGRfSGF1cy53ZWJw\"\/>\n\t\t\t\t\t<\/image_lists>\n\t\t\t\t<\/sr7-module>\n\t\t\t\t<script>\n\t\t\t\t\twindow.SR7 ??={};SR7.PMH ??={}; SR7.PMH[\"SR7_20_1\"] = {cn:100,state:false,fn: function() { if (window._tpt!==undefined && window._tpt.prepareModuleHeight !== undefined) {  _tpt.prepareModuleHeight({id:\"SR7_20_1\",el:[900,900,768,960,720],type:'standard',shdw:'0',gh:[900,900,743,565,349],gw:[1240,1240,1024,778,480],vpt:['-100px'],size:{fullWidth:true, fullHeight:false},mh:'0',onh:0,onw:0,bg:{color:'{\"orig\":\"transparent\",\"type\":\"solid\",\"string\":\"transparent\"}'}});   SR7.PMH[\"SR7_20_1\"].state=true;} else if(SR7.PMH[\"SR7_20_1\"].cn-->0)\tsetTimeout( SR7.PMH[\"SR7_20_1\"].fn,19);}};SR7.PMH[\"SR7_20_1\" ].fn();\n\t\t\t\t<\/script>\n[\/vc_column][\/vc_row][vc_row type=&#8221;full_width_content&#8221; full_screen_row_position=&#8221;middle&#8221; column_margin=&#8221;default&#8221; column_direction=&#8221;default&#8221; column_direction_tablet=&#8221;default&#8221; column_direction_phone=&#8221;default&#8221; scene_position=&#8221;center&#8221; text_color=&#8221;dark&#8221; text_align=&#8221;left&#8221; row_border_radius=&#8221;none&#8221; row_border_radius_applies=&#8221;bg&#8221; zindex=&#8221;999999&#8243; row_position_desktop=&#8221;default&#8221; row_position_tablet=&#8221;inherit&#8221; row_position_phone=&#8221;inherit&#8221; overflow=&#8221;visible&#8221; overlay_strength=&#8221;0.3&#8243; gradient_direction=&#8221;left_to_right&#8221; shape_divider_position=&#8221;bottom&#8221; bg_image_animation=&#8221;none&#8221; gradient_type=&#8221;default&#8221; shape_type=&#8221;&#8221;][vc_column flex_gap_desktop=&#8221;10px&#8221; column_element_direction_desktop=&#8221;default&#8221; column_element_spacing=&#8221;default&#8221; desktop_text_alignment=&#8221;default&#8221; tablet_text_alignment=&#8221;default&#8221; phone_text_alignment=&#8221;default&#8221; background_color_opacity=&#8221;1&#8243; background_hover_color_opacity=&#8221;1&#8243; column_backdrop_filter=&#8221;none&#8221; column_shadow=&#8221;none&#8221; column_border_radius=&#8221;none&#8221; column_link_target=&#8221;_self&#8221; column_position=&#8221;default&#8221; gradient_direction=&#8221;left_to_right&#8221; overlay_strength=&#8221;0.3&#8243; width=&#8221;1\/1&#8243; tablet_width_inherit=&#8221;default&#8221; animation_type=&#8221;default&#8221; bg_image_animation=&#8221;none&#8221; border_type=&#8221;simple&#8221; column_border_width=&#8221;none&#8221; column_border_style=&#8221;solid&#8221; column_padding_type=&#8221;advanced&#8221; gradient_type=&#8221;default&#8221;][vc_column_text css=&#8221;&#8221; el_id=&#8221;naviblende&#8221; text_direction=&#8221;default&#8221;]\n<div id=\"naviContainer\"><\/div>\n<div>\n<p style=\"text-align: right;\"><a href=\"https:\/\/www.instagram.com\/windlerstiftung\/\" target=\"_blank\" rel=\"noopener\"><img loading=\"lazy\" decoding=\"async\" class=\"alignnone size-medium wp-image-351\" role=\"img\" src=\"https:\/\/www.museum-lindwurm.ch\/wp-content\/uploads\/2025\/01\/icon-schwarz-instagram-1.svg\" alt=\"Das Lindwurm Museum auf Instagram\" width=\"30\" height=\"30\" \/><\/a><\/p>\n<\/div>\n[\/vc_column_text][\/vc_column][\/vc_row][vc_row type=&#8221;full_width_content&#8221; full_screen_row_position=&#8221;middle&#8221; column_margin=&#8221;default&#8221; column_direction=&#8221;default&#8221; column_direction_tablet=&#8221;default&#8221; column_direction_phone=&#8221;default&#8221; scene_position=&#8221;center&#8221; top_padding=&#8221;80px&#8221; constrain_group_1=&#8221;yes&#8221; bottom_padding=&#8221;80px&#8221; left_padding_tablet=&#8221;5%&#8221; constrain_group_4=&#8221;yes&#8221; right_padding_tablet=&#8221;5%&#8221; text_color=&#8221;dark&#8221; text_align=&#8221;left&#8221; row_border_radius=&#8221;none&#8221; row_border_radius_applies=&#8221;bg&#8221; row_position_desktop=&#8221;default&#8221; row_position_tablet=&#8221;inherit&#8221; row_position_phone=&#8221;inherit&#8221; overflow=&#8221;visible&#8221; overlay_strength=&#8221;0.3&#8243; gradient_direction=&#8221;left_to_right&#8221; shape_divider_position=&#8221;bottom&#8221; bg_image_animation=&#8221;none&#8221; gradient_type=&#8221;default&#8221; shape_type=&#8221;&#8221;][vc_column column_padding=&#8221;no-extra-padding&#8221; column_padding_tablet=&#8221;inherit&#8221; column_padding_phone=&#8221;inherit&#8221; column_padding_position=&#8221;all&#8221; flex_gap_desktop=&#8221;10px&#8221; column_element_direction_desktop=&#8221;default&#8221; column_element_spacing=&#8221;default&#8221; desktop_text_alignment=&#8221;default&#8221; tablet_text_alignment=&#8221;default&#8221; phone_text_alignment=&#8221;default&#8221; background_color_opacity=&#8221;1&#8243; background_hover_color_opacity=&#8221;1&#8243; column_backdrop_filter=&#8221;none&#8221; column_shadow=&#8221;none&#8221; column_border_radius=&#8221;none&#8221; column_link_target=&#8221;_self&#8221; column_position=&#8221;default&#8221; el_class=&#8221;besuchtoptext&#8221; gradient_direction=&#8221;left_to_right&#8221; overlay_strength=&#8221;0.3&#8243; width=&#8221;1\/1&#8243; tablet_width_inherit=&#8221;default&#8221; animation_type=&#8221;default&#8221; bg_image_animation=&#8221;none&#8221; border_type=&#8221;simple&#8221; column_border_width=&#8221;none&#8221; column_border_style=&#8221;solid&#8221; column_padding_type=&#8221;default&#8221; gradient_type=&#8221;default&#8221; offset=&#8221;vc_col-md-offset-3 vc_col-md-6&#8243;][vc_column_text css=&#8221;&#8221; text_direction=&#8221;default&#8221; el_class=&#8221;buttonarrowright&#8221;]\n<h2>Datenschutzerkl\u00e4rung<\/h2>\n<p>Wir respektieren Ihre Privatsph\u00e4re<\/p>\n<p>Der Schutz Ihrer Privatsph\u00e4re bei der Verarbeitung personenbezogener Daten sowie die Sicherheit aller Personendaten sind uns wichtige Anliegen. Mit dieser Datenschutzerkl\u00e4rung informieren wir Sie dar\u00fcber, welche Daten wir von Ihnen bearbeiten, wof\u00fcr wir diese Daten ben\u00f6tigen und wie Sie der Datenbearbeitung widersprechen k\u00f6nnen.<\/p>\n<p>Wir erheben, bearbeiten und speichern personenbezogene Daten nur im Einklang mit den gesetzlichen Vorschriften oder wenn Sie uns, zum Beispiel im Rahmen ei\u00adnes F\u00f6rdergesuchs, Ihre Einwilligung dazu erteilt haben.<\/p>\n<p>Wann erheben wir Personendaten?<\/p>\n<p>In der Regel erheben wir Personendaten in folgenden F\u00e4llen: Wenn Sie einen F\u00f6rderantrag an unsere Stiftung stellen; wenn Sie unsere Websites besuchen; wenn Sie direkt mit uns kommunizieren; wenn Sie in eine Gesch\u00e4fts- bzw. Vertragsbeziehung mit uns treten oder sich eine solche anbahnt; wenn Sie sich f\u00fcr unseren Newsletter oder unsere Anl\u00e4sse anmelden oder wenn Sie uns Ihre Personendaten aus anderweitigen Gr\u00fcnden \u00fcberlassen.<\/p>\n<p>Welche Personendaten erheben wir?<\/p>\n<p>Wir erheben ausschliesslich Personendaten, die in Verbindung mit unserer Beziehung zu Ihnen stehen. Zu den von uns erhobenen Daten geh\u00f6ren Ihre Kontaktdaten wie Namen, Telefonnummer, Anschrift oder E-Mail-Adresse sowie weitere Angaben, die uns im Rahmen der Aus\u00fcbung unserer T\u00e4tigkeit, insbesondere auch zur Pr\u00fcfung, Bewilligung oder Ablehnung von F\u00f6rderantr\u00e4gen offengelegt oder zug\u00e4nglich gemacht werden. \u00a0Zudem erheben wir Personendaten aus Korrespondenz mit Dritten oder aus \u00f6ffentlich zug\u00e4nglichen Quellen (z.B. \u00f6ffentlichen Registern, Websites, Social Media). Teilweise beinhalten diese Informationen auch besonders sch\u00fctzenswerte Personendaten.<\/p>\n<p>Der Server unserer Website kann tempor\u00e4r Informationen \u00fcber Ihre Nutzung speichern.<\/p>\n<p>Zu welchem Zweck bearbeiten wir Ihre Daten?<\/p>\n<p>Wir bearbeiten Personendaten prim\u00e4r, um f\u00fcr Sie unsere Leistungen in Erf\u00fcllung unseres Stiftungszwecks zu erbringen. Dies insbesondere auch im Zusammenhang mit der Pr\u00fcfung von F\u00f6rderantr\u00e4gen oder dergleichen, um Sie \u00fcber unsere Anl\u00e4sse oder Vorhaben zu informieren oder f\u00fcr Newsletter. Weiter bearbeiten wir Ihre Daten zur Erf\u00fcllung von gesetzlichen oder regulatorischen Pflichten. In allen F\u00e4llen bearbeiten wir Ihre Personendaten aus-schliesslich f\u00fcr den jeweils bestimmten und f\u00fcr Sie erkennbaren Zweck.<\/p>\n<p>Geben wir Ihre Personendaten weiter?<\/p>\n<p>Ihre personenbezogenen Daten werden von uns grunds\u00e4tzlich nur dann an andere Dritte weitergegeben, wenn wir gesetzlich dazu berechtigt oder verpflichtet sind, wenn dies f\u00fcr die Erbringung unserer Leistungen oder f\u00fcr weitere in der Datenschutzerkl\u00e4rung definierten Zwecke erforderlich und sinnvoll ist oder Sie uns Ihre Einwilligung hierf\u00fcr gegeben haben.<\/p>\n<p>Externe Dienstleister, die in unserem Auftrag Daten bearbeiten, sind im Sinne des Bundesgesetzes \u00fcber den Datenschutz vertraglich verpflichtet, die gesetzlichen Sicherheitsvorschriften einzuhalten.\u00a0Wir haben uns vergewissert, dass die externen Dienst\u00adleister in der Lage sind, die Datensicherheit zu gew\u00e4hrleisten. Sie d\u00fcrfen die Bearbeitung der Personendaten nur mit unserer vorg\u00e4ngigen Genehmigung einem Dritten \u00fcbertragen.<\/p>\n<p>Wie lange speichern wir Ihre Personendaten?<\/p>\n<p>Wir speichern Ihre Daten grunds\u00e4tzlich so lange, wie dies unsere Gesch\u00e4ftsbeziehung zu Ihnen erfordert bzw. wir ein berechtigtes Interesse an der weiteren Speicherung haben. In allen anderen F\u00e4llen l\u00f6schen wir Ihre personenbezogenen Daten mit Ausnahme solcher Daten, die wir zur Erf\u00fcllung gesetzlicher oder regulatorischer Ver\u00adpflichtungen weiter speichern m\u00fcssen (z. B. sind wir aufgrund gesetzlicher Aufbewahrungsfristen verpflichtet, Dokumente wie z. B. Vertr\u00e4ge und Rechnungen f\u00fcr einen Zeitraum von 10 Jahren aufzu\u00adbewahren) oder so lange Anspr\u00fcche gegen uns geltend gemacht werden k\u00f6nnten.<\/p>\n<p>Welche Daten werden bei der Nutzung unserer Internetseiten bearbeitet?<\/p>\n<p>Sie k\u00f6nnen grunds\u00e4tzlich unsere Internetseiten besuchen, ohne dass Sie Angaben zu Ihrer Person machen m\u00fcssen. Beim Besuch unserer Internetseiten speichern unsere Server tempor\u00e4r jeden Zugriff in einer Proto\u00adkolldatei. Folgende technischen Daten werden dabei erfasst:<\/p>\n<p>IP-Adresse des anfragenden Rechners; Datum und Uhrzeit des Zugriffs; Internetseite, von der aus der Zugriff erfolgte; Name und URL der abgerufenen Datei; durchgef\u00fchrte Suchabfragen; das Betriebssystem Ihres Rechners (vom User Agent zur Verf\u00fcgung gestellt); von Ihnen verwendeter Browser (vom User Agent zur Verf\u00fcgung gestellt); Ger\u00e4tetyp im Falle von Zugriffen durch Mobiltelefone; verwendetes \u00dcbertragungsprotokoll.<\/p>\n<p>Die Erhebung und Verarbeitung dieser Daten dient der Systemsicherheit und -stabilit\u00e4t und zur Fehler- und Performanceanalyse. Die IP-Adresse wird ferner zur Voreinstellung der Sprache der Internetseite verwendet.<\/p>\n<p>Cookies und Tracking Tools<\/p>\n<p>Wir verwenden auf unseren Websites keine Cookies und Tracking Tools.<\/p>\n<p>Social Media<\/p>\n<p>Auf unseren Websites finden Sie Verlinkungen zu verschiedenen sozialen Netzwerken.\u00a0 Durch Anklicken der Links werden die entsprechenden Social-Media-Seiten ge\u00f6ffnet, f\u00fcr die diese Datenschutzerkl\u00e4rung nicht gilt. Einzelheiten zu den dort geltenden Bestimmungen entnehmen Sie bitte den entsprechenden Datenschutzerkl\u00e4rungen auf den Websites der einzelnen Anbieter.<\/p>\n<p>Vor Aufruf der entsprechenden Verlinkung erfolgt keine \u00dcbermittlung von personenbezogenen Informationen an die jeweiligen Anbieter. Ihr Aufruf der verlinkten Seite ist zugleich die Grundlage f\u00fcr die Datenbearbeitung durch die jeweiligen Anbieter. Wir haben weder Einfluss auf die Datenverarbeitungsvorg\u00e4nge, noch sind uns der volle Umfang der Datenerhebung, die Zwecke der Verarbeitung und die Speicherfristen bekannt. Auch zur L\u00f6schung der Daten durch die Anbieter liegen uns keine Informationen vor.<\/p>\n<p>Newsletter<\/p>\n<p>Sie k\u00f6nnen online oder schriftlich unseren Newsletter abonnieren. Sollten Sie sich sp\u00e4ter gegen den Erhalt des Newsletters entscheiden, k\u00f6nnen Sie das Abonnement jederzeit mit Wirkung f\u00fcr die Zukunft beenden, indem Sie Ihre Einwilligung widerrufen. Der Widerruf erfolgt f\u00fcr E-Mail-Newsletter \u00fcber den im Newsletter abgedruckten Link. Alternativ kontaktieren Sie uns bitte \u00fcber <a href=\"mailto:kultur@windler-stiftung.ch\">kultur@windler-stiftung.ch<\/a>.<\/p>\n<p>Foto-\/Videoaufnahmen<\/p>\n<p>Bei Veranstaltungen, Workshops usw. werden teilweise Fotos und Videos erstellt. Mit der Teilnahme nehmen Sie stillschweigend zur Kenntnis, dass diese Aufnahmen zur Berichterstattung in verschiedenen Medien oder auf den Websites verwendet werden k\u00f6nnen.<\/p>\n<p>Welche Rechte haben Sie in Bezug auf Ihre Personendaten?<\/p>\n<p>In Bezug auf Ihre Personendaten haben Sie folgende Rechte:<\/p>\n<ul>\n<li>Sie k\u00f6nnen Auskunft \u00fcber Ihre gespeicherten Personendaten verlangen.<\/li>\n<li>Sie k\u00f6nnen eine Berichtigung, Erg\u00e4nzung, Sperrung oder L\u00f6schung Ihrer Personendaten ver\u00adlangen, vorbeh\u00e4ltlich allf\u00e4llig vorgehender, vertraglicher und\/oder gesetzlicher Rechte und Pflichten (z.B. Aufbewahrungspflicht).<\/li>\n<li>Sie k\u00f6nnen die Einschr\u00e4nkung der Bearbeitung Ihrer Personendaten verlangen oder Widerspruch gegen die Bearbeitung der Personendaten erheben.<\/li>\n<li>Sofern Sie uns eine Einwilligung f\u00fcr die Bearbeitung Ihrer Daten erteilt haben, k\u00f6nnen Sie diese jederzeit mit Wirkung f\u00fcr die Zukunft widerrufen.<\/li>\n<\/ul>\n<p>F\u00fcr die Aus\u00fcbung Ihrer Rechte gen\u00fcgt ein Schreiben auf dem Postweg oder eine E-Mail.<\/p>\n<p>Wie sch\u00fctzen wir Ihre Daten?<\/p>\n<p>Wir bedienen uns geeigneter technischer und organisatorischer Sicherheitsmassnahmen, um Ihre bei uns gespeicherten pers\u00f6nlichen Daten gegen Manipulation, teilweisen oder vollst\u00e4ndigen Ver\u00adlust und gegen unbefugten Zugriff Dritter zu sch\u00fctzen. Unsere Sicherheitsmassnahmen werden entsprechend der technologischen Entwicklung fortlaufend verbessert.<\/p>\n<p>Werden Daten ins Ausland bekannt gegeben?<\/p>\n<p>Wir bearbeiten Ihre Personendaten in der Schweiz. Es ist nicht auszuschliessen, dass gewisse f\u00fcr uns t\u00e4tige Dienstleister Personendaten zur Bearbeitung in EU-Mitgliedstaaten (insbesondere den Niederlanden oder Irland) oder die USA leiten, oder zu Support-Zwecken aus diesen L\u00e4ndern auf Personendaten zugreifen. Die EU-Mitgliedstaaten bieten ein angemessenes Datenschutzniveau. Wir verpflichten uns, mit allen rechtlich m\u00f6glichen Mitteln einen Zugriff des amerikanischen Staates auf Ihre Personendaten zu verhindern. Ausnahmsweise k\u00f6nnen wir Personendaten auch in andere L\u00e4nder \u00fcbermitteln, wenn Sie uns dazu anweisen oder dies zur Feststellung, Aus\u00fcbung oder Durchsetzung Ihrer oder eigener Anspr\u00fcche notwendig ist. Wenn diese Dritte ihren Sitz ausserhalb der Schweiz, dem Vereinigten K\u00f6nigreich oder der EU haben, teilen wir Ihre Daten nur gest\u00fctzt auf einer Grundlage, die einen angemessenen Datenschutz bietet.<\/p>\n<p>Wer ist f\u00fcr die Bearbeitung Ihrer Daten verantwortlich?<\/p>\n<p>F\u00fcr die in dieser Datenschutzerkl\u00e4rung beschriebenen Bearbeitungen ist datenschutzrechtlich verantwortlich:<\/p>\n<p>Jakob und Emma Windler-Stiftung<br \/>\nChirchhofplatz 22<br \/>\n8260 Stein am Rhein<br \/>\n052 533 71 71<br \/>\ninfo@windler-stiftung.ch<\/p>\n<p>Kann eine \u00c4nderung dieser Datenschutzerkl\u00e4rung erfolgen?<\/p>\n<p>Die vorliegende Datenschutzerkl\u00e4rung wurde vom Stiftungsrat der Jakob und Emma Windler-Stiftung am 29. November 2024 genehmigt. Wir behalten uns das Recht vor, diese Erkl\u00e4rung jederzeit nach unserem freien Ermessen und im Einklang mit der Datenschutzgesetzgebung abzu\u00e4ndern und zu erg\u00e4nzen. Es gilt jeweils die aktuelle, auf unseren Websites publizierte Fassung.<\/p>\n<p>Wie k\u00f6nnen Sie uns kontaktieren?<\/p>\n<p>Sollten Sie Fragen zu Ihren Rechten in Bezug auf Ihre Personendaten haben oder anderweitige diesbez\u00fcgliche Fragen, wenden Sie sich bitte an folgende Adresse:<\/p>\n<p>Jakob und Emma Windler-Stiftung<br \/>\nChirchhofplatz 22<br \/>\n8260 Stein am Rhein<br \/>\n052 533 71 71<br \/>\n<a href=\"mailto:info@windler-stiftung.ch\">info@windler-stiftung.ch<\/a><\/p>\n<p>Stein am Rhein, 29. November 2024[\/vc_column_text][\/vc_column][\/vc_row]\n","protected":false},"excerpt":{"rendered":"<p>[vc_row type=&#8221;full_width_content&#8221; full_screen_row_position=&#8221;middle&#8221; column_margin=&#8221;default&#8221; column_direction=&#8221;default&#8221; column_direction_tablet=&#8221;default&#8221; column_direction_phone=&#8221;default&#8221; scene_position=&#8221;center&#8221; text_color=&#8221;dark&#8221; text_align=&#8221;left&#8221; row_border_radius=&#8221;none&#8221; row_border_radius_applies=&#8221;bg&#8221; zindex=&#8221;0&#8243; row_position_desktop=&#8221;default&#8221; row_position_tablet=&#8221;inherit&#8221; row_position_phone=&#8221;inherit&#8221; overflow=&#8221;visible&#8221; id=&#8221;hero&#8221; overlay_strength=&#8221;0.3&#8243; gradient_direction=&#8221;left_to_right&#8221; shape_divider_position=&#8221;bottom&#8221; bg_image_animation=&#8221;none&#8221; gradient_type=&#8221;default&#8221; shape_type=&#8221;&#8221;][vc_column column_padding=&#8221;no-extra-padding&#8221; column_padding_tablet=&#8221;inherit&#8221; column_padding_phone=&#8221;inherit&#8221; column_padding_position=&#8221;all&#8221; flex_gap_desktop=&#8221;10px&#8221; column_element_direction_desktop=&#8221;default&#8221;&#8230;<\/p>\n","protected":false},"author":1,"featured_media":0,"parent":0,"menu_order":0,"comment_status":"closed","ping_status":"closed","template":"","meta":{"_acf_changed":false,"footnotes":""},"class_list":["post-1383","page","type-page","status-publish"],"acf":[],"yoast_head":"<!-- This site is optimized with the Yoast SEO plugin v28.3 - https:\/\/yoast.com\/product\/yoast-seo-wordpress\/ -->\n<title>Datenschutzerkl\u00e4rung - Museum Lindwurm - Stein am Rhein<\/title>\n<meta name=\"robots\" content=\"index, follow, max-snippet:-1, max-image-preview:large, max-video-preview:-1\" \/>\n<link rel=\"canonical\" href=\"https:\/\/www.museum-lindwurm.ch\/en\/datenschutzerklaerung-2\/\" \/>\n<meta property=\"og:locale\" content=\"en_US\" \/>\n<meta property=\"og:type\" content=\"article\" \/>\n<meta property=\"og:title\" content=\"Datenschutzerkl\u00e4rung - Museum Lindwurm - Stein am Rhein\" \/>\n<meta property=\"og:description\" content=\"[vc_row type=&#8221;full_width_content&#8221; full_screen_row_position=&#8221;middle&#8221; column_margin=&#8221;default&#8221; column_direction=&#8221;default&#8221; column_direction_tablet=&#8221;default&#8221; column_direction_phone=&#8221;default&#8221; scene_position=&#8221;center&#8221; text_color=&#8221;dark&#8221; text_align=&#8221;left&#8221; row_border_radius=&#8221;none&#8221; row_border_radius_applies=&#8221;bg&#8221; zindex=&#8221;0&#8243; row_position_desktop=&#8221;default&#8221; row_position_tablet=&#8221;inherit&#8221; row_position_phone=&#8221;inherit&#8221; overflow=&#8221;visible&#8221; id=&#8221;hero&#8221; overlay_strength=&#8221;0.3&#8243; gradient_direction=&#8221;left_to_right&#8221; shape_divider_position=&#8221;bottom&#8221; bg_image_animation=&#8221;none&#8221; gradient_type=&#8221;default&#8221; shape_type=&#8221;&#8221;][vc_column column_padding=&#8221;no-extra-padding&#8221; column_padding_tablet=&#8221;inherit&#8221; column_padding_phone=&#8221;inherit&#8221; column_padding_position=&#8221;all&#8221; flex_gap_desktop=&#8221;10px&#8221; column_element_direction_desktop=&#8221;default&#8221;...\" \/>\n<meta property=\"og:url\" content=\"https:\/\/www.museum-lindwurm.ch\/en\/datenschutzerklaerung-2\/\" \/>\n<meta property=\"og:site_name\" content=\"Museum Lindwurm - Stein am Rhein\" \/>\n<meta property=\"article:publisher\" content=\"https:\/\/www.facebook.com\/WindlerStiftungKultur\/\" \/>\n<meta property=\"article:modified_time\" content=\"2026-07-20T13:23:15+00:00\" \/>\n<meta name=\"twitter:card\" content=\"summary_large_image\" \/>\n<meta name=\"twitter:label1\" content=\"Est. reading time\" \/>\n\t<meta name=\"twitter:data1\" content=\"8 minutes\" \/>\n<script type=\"application\/ld+json\" class=\"yoast-schema-graph\">{\"@context\":\"https:\\\/\\\/schema.org\",\"@graph\":[{\"@type\":\"WebPage\",\"@id\":\"https:\\\/\\\/www.museum-lindwurm.ch\\\/en\\\/datenschutzerklaerung-2\\\/\",\"url\":\"https:\\\/\\\/www.museum-lindwurm.ch\\\/en\\\/datenschutzerklaerung-2\\\/\",\"name\":\"Datenschutzerkl\u00e4rung - Museum Lindwurm - Stein am Rhein\",\"isPartOf\":{\"@id\":\"https:\\\/\\\/www.museum-lindwurm.ch\\\/en\\\/#website\"},\"primaryImageOfPage\":{\"@id\":\"https:\\\/\\\/www.museum-lindwurm.ch\\\/en\\\/datenschutzerklaerung-2\\\/#primaryimage\"},\"image\":{\"@id\":\"https:\\\/\\\/www.museum-lindwurm.ch\\\/en\\\/datenschutzerklaerung-2\\\/#primaryimage\"},\"thumbnailUrl\":\"https:\\\/\\\/www.museum-lindwurm.ch\\\/wp-content\\\/uploads\\\/2025\\\/01\\\/icon-schwarz-instagram-1.svg\",\"datePublished\":\"2025-08-20T17:30:21+00:00\",\"dateModified\":\"2026-07-20T13:23:15+00:00\",\"breadcrumb\":{\"@id\":\"https:\\\/\\\/www.museum-lindwurm.ch\\\/en\\\/datenschutzerklaerung-2\\\/#breadcrumb\"},\"inLanguage\":\"en-US\",\"potentialAction\":[{\"@type\":\"ReadAction\",\"target\":[\"https:\\\/\\\/www.museum-lindwurm.ch\\\/en\\\/datenschutzerklaerung-2\\\/\"]}]},{\"@type\":\"ImageObject\",\"inLanguage\":\"en-US\",\"@id\":\"https:\\\/\\\/www.museum-lindwurm.ch\\\/en\\\/datenschutzerklaerung-2\\\/#primaryimage\",\"url\":\"https:\\\/\\\/www.museum-lindwurm.ch\\\/wp-content\\\/uploads\\\/2025\\\/01\\\/icon-schwarz-instagram-1.svg\",\"contentUrl\":\"https:\\\/\\\/www.museum-lindwurm.ch\\\/wp-content\\\/uploads\\\/2025\\\/01\\\/icon-schwarz-instagram-1.svg\"},{\"@type\":\"BreadcrumbList\",\"@id\":\"https:\\\/\\\/www.museum-lindwurm.ch\\\/en\\\/datenschutzerklaerung-2\\\/#breadcrumb\",\"itemListElement\":[{\"@type\":\"ListItem\",\"position\":1,\"name\":\"Startseite\",\"item\":\"https:\\\/\\\/www.museum-lindwurm.ch\\\/en\\\/\"},{\"@type\":\"ListItem\",\"position\":2,\"name\":\"Datenschutzerkl\u00e4rung\"}]},{\"@type\":\"WebSite\",\"@id\":\"https:\\\/\\\/www.museum-lindwurm.ch\\\/en\\\/#website\",\"url\":\"https:\\\/\\\/www.museum-lindwurm.ch\\\/en\\\/\",\"name\":\"Museum Lindwurm\",\"description\":\"Museum Lindwurm l\u00e4dt Sie zu einer Zeitreise ein! F\u00fchlen Sie sich im 19. Jahrhundert wie zu Hause und erkunden Sie die Lebens- und Arbeitswelte.\",\"publisher\":{\"@id\":\"https:\\\/\\\/www.museum-lindwurm.ch\\\/en\\\/#organization\"},\"potentialAction\":[{\"@type\":\"SearchAction\",\"target\":{\"@type\":\"EntryPoint\",\"urlTemplate\":\"https:\\\/\\\/www.museum-lindwurm.ch\\\/en\\\/?s={search_term_string}\"},\"query-input\":{\"@type\":\"PropertyValueSpecification\",\"valueRequired\":true,\"valueName\":\"search_term_string\"}}],\"inLanguage\":\"en-US\"},{\"@type\":\"Organization\",\"@id\":\"https:\\\/\\\/www.museum-lindwurm.ch\\\/en\\\/#organization\",\"name\":\"Museum Lindwurm\",\"url\":\"https:\\\/\\\/www.museum-lindwurm.ch\\\/en\\\/\",\"logo\":{\"@type\":\"ImageObject\",\"inLanguage\":\"en-US\",\"@id\":\"https:\\\/\\\/www.museum-lindwurm.ch\\\/en\\\/#\\\/schema\\\/logo\\\/image\\\/\",\"url\":\"https:\\\/\\\/www.museum-lindwurm.ch\\\/wp-content\\\/uploads\\\/2024\\\/12\\\/Wort-Bildmarke-Museum-Lindwurm-ws-gelb.png\",\"contentUrl\":\"https:\\\/\\\/www.museum-lindwurm.ch\\\/wp-content\\\/uploads\\\/2024\\\/12\\\/Wort-Bildmarke-Museum-Lindwurm-ws-gelb.png\",\"width\":1159,\"height\":1008,\"caption\":\"Museum Lindwurm\"},\"image\":{\"@id\":\"https:\\\/\\\/www.museum-lindwurm.ch\\\/en\\\/#\\\/schema\\\/logo\\\/image\\\/\"},\"sameAs\":[\"https:\\\/\\\/www.facebook.com\\\/WindlerStiftungKultur\\\/\",\"https:\\\/\\\/www.instagram.com\\\/windlerstiftung\\\/\"]}]}<\/script>\n<!-- \/ Yoast SEO plugin. -->","yoast_head_json":{"title":"Datenschutzerkl\u00e4rung - Museum Lindwurm - Stein am Rhein","robots":{"index":"index","follow":"follow","max-snippet":"max-snippet:-1","max-image-preview":"max-image-preview:large","max-video-preview":"max-video-preview:-1"},"canonical":"https:\/\/www.museum-lindwurm.ch\/en\/datenschutzerklaerung-2\/","og_locale":"en_US","og_type":"article","og_title":"Datenschutzerkl\u00e4rung - Museum Lindwurm - Stein am Rhein","og_description":"[vc_row type=&#8221;full_width_content&#8221; full_screen_row_position=&#8221;middle&#8221; column_margin=&#8221;default&#8221; column_direction=&#8221;default&#8221; column_direction_tablet=&#8221;default&#8221; column_direction_phone=&#8221;default&#8221; scene_position=&#8221;center&#8221; text_color=&#8221;dark&#8221; text_align=&#8221;left&#8221; row_border_radius=&#8221;none&#8221; row_border_radius_applies=&#8221;bg&#8221; zindex=&#8221;0&#8243; row_position_desktop=&#8221;default&#8221; row_position_tablet=&#8221;inherit&#8221; row_position_phone=&#8221;inherit&#8221; overflow=&#8221;visible&#8221; id=&#8221;hero&#8221; overlay_strength=&#8221;0.3&#8243; gradient_direction=&#8221;left_to_right&#8221; shape_divider_position=&#8221;bottom&#8221; bg_image_animation=&#8221;none&#8221; gradient_type=&#8221;default&#8221; shape_type=&#8221;&#8221;][vc_column column_padding=&#8221;no-extra-padding&#8221; column_padding_tablet=&#8221;inherit&#8221; column_padding_phone=&#8221;inherit&#8221; column_padding_position=&#8221;all&#8221; flex_gap_desktop=&#8221;10px&#8221; column_element_direction_desktop=&#8221;default&#8221;...","og_url":"https:\/\/www.museum-lindwurm.ch\/en\/datenschutzerklaerung-2\/","og_site_name":"Museum Lindwurm - Stein am Rhein","article_publisher":"https:\/\/www.facebook.com\/WindlerStiftungKultur\/","article_modified_time":"2026-07-20T13:23:15+00:00","twitter_card":"summary_large_image","twitter_misc":{"Est. reading time":"8 minutes"},"schema":{"@context":"https:\/\/schema.org","@graph":[{"@type":"WebPage","@id":"https:\/\/www.museum-lindwurm.ch\/en\/datenschutzerklaerung-2\/","url":"https:\/\/www.museum-lindwurm.ch\/en\/datenschutzerklaerung-2\/","name":"Datenschutzerkl\u00e4rung - Museum Lindwurm - Stein am Rhein","isPartOf":{"@id":"https:\/\/www.museum-lindwurm.ch\/en\/#website"},"primaryImageOfPage":{"@id":"https:\/\/www.museum-lindwurm.ch\/en\/datenschutzerklaerung-2\/#primaryimage"},"image":{"@id":"https:\/\/www.museum-lindwurm.ch\/en\/datenschutzerklaerung-2\/#primaryimage"},"thumbnailUrl":"https:\/\/www.museum-lindwurm.ch\/wp-content\/uploads\/2025\/01\/icon-schwarz-instagram-1.svg","datePublished":"2025-08-20T17:30:21+00:00","dateModified":"2026-07-20T13:23:15+00:00","breadcrumb":{"@id":"https:\/\/www.museum-lindwurm.ch\/en\/datenschutzerklaerung-2\/#breadcrumb"},"inLanguage":"en-US","potentialAction":[{"@type":"ReadAction","target":["https:\/\/www.museum-lindwurm.ch\/en\/datenschutzerklaerung-2\/"]}]},{"@type":"ImageObject","inLanguage":"en-US","@id":"https:\/\/www.museum-lindwurm.ch\/en\/datenschutzerklaerung-2\/#primaryimage","url":"https:\/\/www.museum-lindwurm.ch\/wp-content\/uploads\/2025\/01\/icon-schwarz-instagram-1.svg","contentUrl":"https:\/\/www.museum-lindwurm.ch\/wp-content\/uploads\/2025\/01\/icon-schwarz-instagram-1.svg"},{"@type":"BreadcrumbList","@id":"https:\/\/www.museum-lindwurm.ch\/en\/datenschutzerklaerung-2\/#breadcrumb","itemListElement":[{"@type":"ListItem","position":1,"name":"Startseite","item":"https:\/\/www.museum-lindwurm.ch\/en\/"},{"@type":"ListItem","position":2,"name":"Datenschutzerkl\u00e4rung"}]},{"@type":"WebSite","@id":"https:\/\/www.museum-lindwurm.ch\/en\/#website","url":"https:\/\/www.museum-lindwurm.ch\/en\/","name":"Museum Lindwurm","description":"Museum Lindwurm l\u00e4dt Sie zu einer Zeitreise ein! F\u00fchlen Sie sich im 19. Jahrhundert wie zu Hause und erkunden Sie die Lebens- und Arbeitswelte.","publisher":{"@id":"https:\/\/www.museum-lindwurm.ch\/en\/#organization"},"potentialAction":[{"@type":"SearchAction","target":{"@type":"EntryPoint","urlTemplate":"https:\/\/www.museum-lindwurm.ch\/en\/?s={search_term_string}"},"query-input":{"@type":"PropertyValueSpecification","valueRequired":true,"valueName":"search_term_string"}}],"inLanguage":"en-US"},{"@type":"Organization","@id":"https:\/\/www.museum-lindwurm.ch\/en\/#organization","name":"Museum Lindwurm","url":"https:\/\/www.museum-lindwurm.ch\/en\/","logo":{"@type":"ImageObject","inLanguage":"en-US","@id":"https:\/\/www.museum-lindwurm.ch\/en\/#\/schema\/logo\/image\/","url":"https:\/\/www.museum-lindwurm.ch\/wp-content\/uploads\/2024\/12\/Wort-Bildmarke-Museum-Lindwurm-ws-gelb.png","contentUrl":"https:\/\/www.museum-lindwurm.ch\/wp-content\/uploads\/2024\/12\/Wort-Bildmarke-Museum-Lindwurm-ws-gelb.png","width":1159,"height":1008,"caption":"Museum Lindwurm"},"image":{"@id":"https:\/\/www.museum-lindwurm.ch\/en\/#\/schema\/logo\/image\/"},"sameAs":["https:\/\/www.facebook.com\/WindlerStiftungKultur\/","https:\/\/www.instagram.com\/windlerstiftung\/"]}]}},"_links":{"self":[{"href":"https:\/\/www.museum-lindwurm.ch\/en\/wp-json\/wp\/v2\/pages\/1383","targetHints":{"allow":["GET"]}}],"collection":[{"href":"https:\/\/www.museum-lindwurm.ch\/en\/wp-json\/wp\/v2\/pages"}],"about":[{"href":"https:\/\/www.museum-lindwurm.ch\/en\/wp-json\/wp\/v2\/types\/page"}],"author":[{"embeddable":true,"href":"https:\/\/www.museum-lindwurm.ch\/en\/wp-json\/wp\/v2\/users\/1"}],"replies":[{"embeddable":true,"href":"https:\/\/www.museum-lindwurm.ch\/en\/wp-json\/wp\/v2\/comments?post=1383"}],"version-history":[{"count":1,"href":"https:\/\/www.museum-lindwurm.ch\/en\/wp-json\/wp\/v2\/pages\/1383\/revisions"}],"predecessor-version":[{"id":1881,"href":"https:\/\/www.museum-lindwurm.ch\/en\/wp-json\/wp\/v2\/pages\/1383\/revisions\/1881"}],"wp:attachment":[{"href":"https:\/\/www.museum-lindwurm.ch\/en\/wp-json\/wp\/v2\/media?parent=1383"}],"curies":[{"name":"wp","href":"https:\/\/api.w.org\/{rel}","templated":true}]}}