{"id":1384,"date":"2025-08-20T19:30:21","date_gmt":"2025-08-20T17:30:21","guid":{"rendered":"https:\/\/25.museum-lindwurm.ch\/impressum-2\/"},"modified":"2026-07-20T15:22:54","modified_gmt":"2026-07-20T13:22:54","slug":"impressum-en","status":"publish","type":"page","link":"https:\/\/www.museum-lindwurm.ch\/en\/impressum-en\/","title":{"rendered":"Impressum-en"},"content":{"rendered":"[vc_row type=&#8221;full_width_content&#8221; full_screen_row_position=&#8221;middle&#8221; column_margin=&#8221;default&#8221; column_direction=&#8221;default&#8221; column_direction_tablet=&#8221;default&#8221; column_direction_phone=&#8221;default&#8221; scene_position=&#8221;center&#8221; text_color=&#8221;dark&#8221; text_align=&#8221;left&#8221; row_border_radius=&#8221;none&#8221; row_border_radius_applies=&#8221;bg&#8221; zindex=&#8221;0&#8243; row_position_desktop=&#8221;default&#8221; row_position_tablet=&#8221;inherit&#8221; row_position_phone=&#8221;inherit&#8221; overflow=&#8221;visible&#8221; id=&#8221;hero&#8221; overlay_strength=&#8221;0.3&#8243; gradient_direction=&#8221;left_to_right&#8221; shape_divider_position=&#8221;bottom&#8221; bg_image_animation=&#8221;none&#8221; gradient_type=&#8221;default&#8221; shape_type=&#8221;&#8221;][vc_column column_padding=&#8221;no-extra-padding&#8221; column_padding_tablet=&#8221;inherit&#8221; column_padding_phone=&#8221;inherit&#8221; column_padding_position=&#8221;all&#8221; flex_gap_desktop=&#8221;10px&#8221; column_element_direction_desktop=&#8221;default&#8221; column_element_spacing=&#8221;default&#8221; desktop_text_alignment=&#8221;default&#8221; tablet_text_alignment=&#8221;default&#8221; phone_text_alignment=&#8221;default&#8221; background_color_opacity=&#8221;1&#8243; background_hover_color_opacity=&#8221;1&#8243; column_backdrop_filter=&#8221;none&#8221; column_shadow=&#8221;none&#8221; column_border_radius=&#8221;none&#8221; column_link_target=&#8221;_self&#8221; column_position=&#8221;default&#8221; gradient_direction=&#8221;left_to_right&#8221; overlay_strength=&#8221;0.3&#8243; width=&#8221;1\/1&#8243; tablet_width_inherit=&#8221;default&#8221; animation_type=&#8221;default&#8221; bg_image_animation=&#8221;none&#8221; border_type=&#8221;simple&#8221; column_border_width=&#8221;none&#8221; column_border_style=&#8221;solid&#8221;]\n\t\t\t\t<p class=\"rs-p-wp-fix\"><\/p>\n\t\t\t\t<sr7-module data-alias=\"hero-slider-final-version-05-2025-1\" data-id=\"20\" id=\"SR7_20_1\" class=\"rs-ov-hidden\" data-version=\"6.7.58\">\n\t\t\t\t\t<sr7-adjuster><\/sr7-adjuster>\n\t\t\t\t\t<sr7-content>\n\t\t\t\t\t\t<sr7-slide id=\"SR7_20_1-56\" data-key=\"56\">\n\t\t\t\t\t\t<\/sr7-slide>\n\t\t\t\t\t\t<sr7-slide id=\"SR7_20_1-57\" data-key=\"57\">\n\t\t\t\t\t\t<\/sr7-slide>\n\t\t\t\t\t<\/sr7-content>\n\t\t\t\t\t<image_lists style=\"display:none\">\n\t\t\t\t\t\t<img data-src=\"\/\/www.museum-lindwurm.ch\/wp-content\/uploads\/2025\/05\/Ebene2-RosaFlaecheundKreis.webp\" data-libid=\"784\" data-lib=\"medialibrary\" title=\"Ebene2-RosaFlaecheundKreis\" width=\"0\" height=\"0\" data-dbsrc=\"Ly93d3cubXVzZXVtLWxpbmR3dXJtLmNoL3dwLWNvbnRlbnQvdXBsb2Fkcy8yMDI1LzA1L0ViZW5lMi1Sb3NhRmxhZWNoZXVuZEtyZWlzLndlYnA=\"\/>\n\t\t\t\t\t\t<img data-src=\"\/\/www.museum-lindwurm.ch\/wp-content\/uploads\/2025\/05\/Ebene3-Kreisbild-2_Korn.webp\" data-libid=\"786\" data-lib=\"medialibrary\" title=\"Ebene3-Kreisbild-2_Korn\" width=\"0\" height=\"0\" data-dbsrc=\"Ly93d3cubXVzZXVtLWxpbmR3dXJtLmNoL3dwLWNvbnRlbnQvdXBsb2Fkcy8yMDI1LzA1L0ViZW5lMy1LcmVpc2JpbGQtMl9Lb3JuLndlYnA=\"\/>\n\t\t\t\t\t\t<img data-src=\"\/\/www.museum-lindwurm.ch\/wp-content\/uploads\/2025\/05\/Ebene1-Raum-2_Dachboden.webp\" data-libid=\"787\" data-lib=\"medialibrary\" title=\"Ebene1-Raum-2_Dachboden\" width=\"0\" height=\"0\" data-dbsrc=\"Ly93d3cubXVzZXVtLWxpbmR3dXJtLmNoL3dwLWNvbnRlbnQvdXBsb2Fkcy8yMDI1LzA1L0ViZW5lMS1SYXVtLTJfRGFjaGJvZGVuLndlYnA=\"\/>\n\t\t\t\t\t\t<img data-src=\"\/\/www.museum-lindwurm.ch\/wp-content\/uploads\/2025\/05\/Ebene3-Kreisbild-3_Geschirr.webp\" data-libid=\"788\" data-lib=\"medialibrary\" title=\"Ebene3-Kreisbild-3_Geschirr\" width=\"0\" height=\"0\" data-dbsrc=\"Ly93d3cubXVzZXVtLWxpbmR3dXJtLmNoL3dwLWNvbnRlbnQvdXBsb2Fkcy8yMDI1LzA1L0ViZW5lMy1LcmVpc2JpbGQtM19HZXNjaGlyci53ZWJw\"\/>\n\t\t\t\t\t\t<img data-src=\"\/\/www.museum-lindwurm.ch\/wp-content\/uploads\/2025\/05\/Ebene1-Raum-3_Stube_mit_Ofen.webp\" data-libid=\"789\" data-lib=\"medialibrary\" title=\"Ebene1-Raum-3_Stube_mit_Ofen\" width=\"0\" height=\"0\" data-dbsrc=\"Ly93d3cubXVzZXVtLWxpbmR3dXJtLmNoL3dwLWNvbnRlbnQvdXBsb2Fkcy8yMDI1LzA1L0ViZW5lMS1SYXVtLTNfU3R1YmVfbWl0X09mZW4ud2VicA==\"\/>\n\t\t\t\t\t\t<img data-src=\"\/\/www.museum-lindwurm.ch\/wp-content\/uploads\/2025\/04\/Ebene3-Kreisbild.webp\" data-libid=\"777\" data-lib=\"medialibrary\" title=\"Ebene3-Kreisbild\" width=\"0\" height=\"0\" data-dbsrc=\"Ly93d3cubXVzZXVtLWxpbmR3dXJtLmNoL3dwLWNvbnRlbnQvdXBsb2Fkcy8yMDI1LzA0L0ViZW5lMy1LcmVpc2JpbGQud2VicA==\"\/>\n\t\t\t\t\t\t<img data-src=\"\/\/www.museum-lindwurm.ch\/wp-content\/uploads\/2025\/05\/Ebene1-RaumHintergrund.webp\" data-libid=\"783\" data-lib=\"medialibrary\" title=\"Ebene1-RaumHintergrund\" width=\"0\" height=\"0\" data-dbsrc=\"Ly93d3cubXVzZXVtLWxpbmR3dXJtLmNoL3dwLWNvbnRlbnQvdXBsb2Fkcy8yMDI1LzA1L0ViZW5lMS1SYXVtSGludGVyZ3J1bmQud2VicA==\"\/>\n\t\t\t\t\t\t<img data-src=\"\/\/www.museum-lindwurm.ch\/wp-content\/uploads\/2025\/05\/Ebene3-Kreisbild_Haus.webp\" data-libid=\"785\" data-lib=\"medialibrary\" title=\"Ebene3-Kreisbild_Haus\" width=\"0\" height=\"0\" data-dbsrc=\"Ly93d3cubXVzZXVtLWxpbmR3dXJtLmNoL3dwLWNvbnRlbnQvdXBsb2Fkcy8yMDI1LzA1L0ViZW5lMy1LcmVpc2JpbGRfSGF1cy53ZWJw\"\/>\n\t\t\t\t\t<\/image_lists>\n\t\t\t\t<\/sr7-module>\n\t\t\t\t<script>\n\t\t\t\t\twindow.SR7 ??={};SR7.PMH ??={}; SR7.PMH[\"SR7_20_1\"] = {cn:100,state:false,fn: function() { if (window._tpt!==undefined && window._tpt.prepareModuleHeight !== undefined) {  _tpt.prepareModuleHeight({id:\"SR7_20_1\",el:[900,900,768,960,720],type:'standard',shdw:'0',gh:[900,900,743,565,349],gw:[1240,1240,1024,778,480],vpt:['-100px'],size:{fullWidth:true, fullHeight:false},mh:'0',onh:0,onw:0,bg:{color:'{\"orig\":\"transparent\",\"type\":\"solid\",\"string\":\"transparent\"}'}});   SR7.PMH[\"SR7_20_1\"].state=true;} else if(SR7.PMH[\"SR7_20_1\"].cn-->0)\tsetTimeout( SR7.PMH[\"SR7_20_1\"].fn,19);}};SR7.PMH[\"SR7_20_1\" ].fn();\n\t\t\t\t<\/script>\n[\/vc_column][\/vc_row][vc_row type=&#8221;full_width_content&#8221; full_screen_row_position=&#8221;middle&#8221; column_margin=&#8221;default&#8221; column_direction=&#8221;default&#8221; column_direction_tablet=&#8221;default&#8221; column_direction_phone=&#8221;default&#8221; scene_position=&#8221;center&#8221; text_color=&#8221;dark&#8221; text_align=&#8221;left&#8221; row_border_radius=&#8221;none&#8221; row_border_radius_applies=&#8221;bg&#8221; zindex=&#8221;999999&#8243; row_position_desktop=&#8221;default&#8221; row_position_tablet=&#8221;inherit&#8221; row_position_phone=&#8221;inherit&#8221; overflow=&#8221;visible&#8221; overlay_strength=&#8221;0.3&#8243; gradient_direction=&#8221;left_to_right&#8221; shape_divider_position=&#8221;bottom&#8221; bg_image_animation=&#8221;none&#8221; gradient_type=&#8221;default&#8221; shape_type=&#8221;&#8221;][vc_column flex_gap_desktop=&#8221;10px&#8221; column_element_direction_desktop=&#8221;default&#8221; column_element_spacing=&#8221;default&#8221; desktop_text_alignment=&#8221;default&#8221; tablet_text_alignment=&#8221;default&#8221; phone_text_alignment=&#8221;default&#8221; background_color_opacity=&#8221;1&#8243; background_hover_color_opacity=&#8221;1&#8243; column_backdrop_filter=&#8221;none&#8221; column_shadow=&#8221;none&#8221; column_border_radius=&#8221;none&#8221; column_link_target=&#8221;_self&#8221; column_position=&#8221;default&#8221; gradient_direction=&#8221;left_to_right&#8221; overlay_strength=&#8221;0.3&#8243; width=&#8221;1\/1&#8243; tablet_width_inherit=&#8221;default&#8221; animation_type=&#8221;default&#8221; bg_image_animation=&#8221;none&#8221; border_type=&#8221;simple&#8221; column_border_width=&#8221;none&#8221; column_border_style=&#8221;solid&#8221; column_padding_type=&#8221;advanced&#8221; gradient_type=&#8221;default&#8221;][vc_column_text css=&#8221;&#8221; el_id=&#8221;naviblende&#8221; text_direction=&#8221;default&#8221;]\n<div id=\"naviContainer\"><\/div>\n<div>\n<p style=\"text-align: right;\"><a href=\"https:\/\/www.instagram.com\/windlerstiftung\/\" target=\"_blank\" rel=\"noopener\"><img loading=\"lazy\" decoding=\"async\" class=\"alignnone size-medium wp-image-351\" role=\"img\" src=\"https:\/\/www.museum-lindwurm.ch\/wp-content\/uploads\/2025\/01\/icon-schwarz-instagram-1.svg\" alt=\"Das Lindwurm Museum auf Instagram\" width=\"30\" height=\"30\" \/><\/a><\/p>\n<\/div>\n[\/vc_column_text][\/vc_column][\/vc_row][vc_row type=&#8221;full_width_content&#8221; full_screen_row_position=&#8221;middle&#8221; column_margin=&#8221;default&#8221; column_direction=&#8221;default&#8221; column_direction_tablet=&#8221;default&#8221; column_direction_phone=&#8221;default&#8221; scene_position=&#8221;center&#8221; top_padding=&#8221;80px&#8221; constrain_group_1=&#8221;yes&#8221; bottom_padding=&#8221;80px&#8221; left_padding_tablet=&#8221;5%&#8221; constrain_group_4=&#8221;yes&#8221; right_padding_tablet=&#8221;5%&#8221; text_color=&#8221;dark&#8221; text_align=&#8221;left&#8221; row_border_radius=&#8221;none&#8221; row_border_radius_applies=&#8221;bg&#8221; row_position_desktop=&#8221;default&#8221; row_position_tablet=&#8221;inherit&#8221; row_position_phone=&#8221;inherit&#8221; overflow=&#8221;visible&#8221; overlay_strength=&#8221;0.3&#8243; gradient_direction=&#8221;left_to_right&#8221; shape_divider_position=&#8221;bottom&#8221; bg_image_animation=&#8221;none&#8221; gradient_type=&#8221;default&#8221; shape_type=&#8221;&#8221;][vc_column column_padding=&#8221;no-extra-padding&#8221; column_padding_tablet=&#8221;inherit&#8221; column_padding_phone=&#8221;inherit&#8221; column_padding_position=&#8221;all&#8221; flex_gap_desktop=&#8221;10px&#8221; column_element_direction_desktop=&#8221;default&#8221; column_element_spacing=&#8221;default&#8221; desktop_text_alignment=&#8221;default&#8221; tablet_text_alignment=&#8221;default&#8221; phone_text_alignment=&#8221;default&#8221; background_color_opacity=&#8221;1&#8243; background_hover_color_opacity=&#8221;1&#8243; column_backdrop_filter=&#8221;none&#8221; column_shadow=&#8221;none&#8221; column_border_radius=&#8221;none&#8221; column_link_target=&#8221;_self&#8221; column_position=&#8221;default&#8221; el_class=&#8221;besuchtoptext&#8221; gradient_direction=&#8221;left_to_right&#8221; overlay_strength=&#8221;0.3&#8243; width=&#8221;1\/1&#8243; tablet_width_inherit=&#8221;default&#8221; animation_type=&#8221;default&#8221; bg_image_animation=&#8221;none&#8221; border_type=&#8221;simple&#8221; column_border_width=&#8221;none&#8221; column_border_style=&#8221;solid&#8221; column_padding_type=&#8221;default&#8221; gradient_type=&#8221;default&#8221; offset=&#8221;vc_col-md-offset-3 vc_col-md-6&#8243;][vc_column_text css=&#8221;&#8221; text_direction=&#8221;default&#8221; el_class=&#8221;buttonarrowright&#8221;]\n<h2>IMPRESSUM<\/h2>\n<p><strong>Inhalt<\/strong><br \/>\nJakob und Emma Windler-Stiftung<br \/>\nChirchhofplatz 22<br \/>\n8260 Stein am Rhein<br \/>\n052 533 71 71<br \/>\ninfo@windler-stiftung.ch<\/p>\n<p><strong>Konzeption und Gestaltung<\/strong><br \/>\nAnja Langenbacher und Reinhard Raich<br \/>\n<a href=\"https:\/\/diebeamten.de\" target=\"_blank\" rel=\"noopener\">dieBeamten.de<\/a><\/p>\n<p><strong>Technische Umsetzung der Webseite<\/strong><br \/>\nRobert Simon | WEB SOLUTIONS<br \/>\n<a href=\"https:\/\/www.fresh-site.de\" target=\"_blank\" rel=\"noopener\">fresh-site.de<\/a><\/p>\n<p><strong>Haftungsausschluss<\/strong><br \/>\nDer Autor \u00fcbernimmt keinerlei Gew\u00e4hr hinsichtlich der inhaltlichen Richtigkeit, Genauigkeit, Aktualit\u00e4t, Zuverl\u00e4ssigkeit und Vollst\u00e4ndigkeit der Informationen.<\/p>\n<p>Haftungsanspr\u00fcche gegen den Autor wegen Sch\u00e4den materieller oder immaterieller Art, welche aus dem Zugriff oder der Nutzung bzw. Nichtnutzung der ver\u00f6ffentlichten Informationen, durch Missbrauch der Verbindung oder durch technische St\u00f6rungen entstanden sind, werden ausgeschlossen.<\/p>\n<p>Alle Angebote sind unverbindlich. Der Autor beh\u00e4lt es sich ausdr\u00fccklich vor, Teile der Seiten oder das gesamte Angebot ohne gesonderte Ank\u00fcndigung zu ver\u00e4ndern, zu erg\u00e4nzen, zu l\u00f6schen oder die Ver\u00f6ffentlichung zeitweise oder endg\u00fcltig einzustellen.<\/p>\n<p><strong>Haftung f\u00fcr Links<\/strong><br \/>\nVerweise und Links auf Webseiten Dritter liegen ausserhalb unseres Verantwortungsbereichs Es wird jegliche Verantwortung f\u00fcr solche Webseiten abgelehnt. Der Zugriff und die Nutzung solcher Webseiten erfolgen auf eigene Gefahr des Nutzers oder der Nutzerin.<\/p>\n<p><strong>Urheberrechte<\/strong><br \/>\nDie Urheber- und alle anderen Rechte an Inhalten, Bildern, Fotos oder anderen Dateien auf der Website geh\u00f6ren ausschliesslich der Firma visions.ch gmbh oder den speziell genannten Rechtsinhabern. F\u00fcr die Reproduktion jeglicher Elemente ist die schriftliche Zustimmung der Urheberrechtstr\u00e4ger im Voraus einzuholen.<\/p>\n<p><strong>Datenschutz<\/strong><br \/>\nGest\u00fctzt auf Artikel 13 der schweizerischen Bundesverfassung und die datenschutzrechtlichen Bestimmungen des Bundes (Datenschutzgesetz, DSG) hat jede Person Anspruch auf Schutz ihrer Privatsph\u00e4re sowie auf Schutz vor Missbrauch ihrer pers\u00f6nlichen Daten. Wir halten diese Bestimmungen ein. Pers\u00f6nliche Daten werden streng vertraulich behandelt und weder an Dritte verkauft noch weiter gegeben.<\/p>\n<p>In enger Zusammenarbeit mit unseren Hosting-Providern bem\u00fchen wir uns, die Datenbanken so gut wie m\u00f6glich vor fremden Zugriffen, Verlusten, Missbrauch oder vor F\u00e4lschung zu sch\u00fctzen.<\/p>\n<p>Beim Zugriff auf unsere Webseiten werden folgende Daten in Logfiles gespeichert: IP-Adresse, Datum, Uhrzeit, Browser-Anfrage und allg. \u00fcbertragene Informationen zum Betriebssystem resp. Browser. Diese Nutzungsdaten bilden die Basis f\u00fcr statistische, anonyme Auswertungen, so dass Trends erkennbar sind, anhand derer wir unsere Angebote entsprechend verbessern k\u00f6nnen.<\/p>\n<p><strong>Datenschutzerkl\u00e4rung f\u00fcr die Nutzung von Google Analytics<\/strong><br \/>\nDiese Website benutzt Google Analytics, einen Webanalysedienst der Google Inc. (&#8220;Google&#8221;). Google Analytics verwendet sog. &#8220;Cookies&#8221;, Textdateien, die auf Ihrem Computer gespeichert werden und die eine Analyse der Benutzung der Website durch Sie erm\u00f6glichen. Die durch den Cookie erzeugten Informationen \u00fcber Ihre Benutzung dieser Website werden in der Regel an einen Server von Google in den USA \u00fcbertragen und dort gespeichert. Im Falle der Aktivierung der IP-Anonymisierung auf dieser Webseite wird Ihre IP-Adresse von Google jedoch innerhalb von Mitgliedstaaten der Europ\u00e4ischen Union oder in anderen Vertragsstaaten des Abkommens \u00fcber den Europ\u00e4ischen Wirtschaftsraum zuvor gek\u00fcrzt.<\/p>\n<p>Nur in Ausnahmef\u00e4llen wird die volle IP-Adresse an einen Server von Google in den USA \u00fcbertragen und dort gek\u00fcrzt. Google wird diese Informationen benutzen, um Ihre Nutzung der Website auszuwerten, um Reports \u00fcber die Websiteaktivit\u00e4ten f\u00fcr die Websitebetreiber zusammenzustellen und um weitere mit der Websitenutzung und der Internetnutzung verbundene Dienstleistungen zu erbringen. Auch wird Google diese Informationen gegebenenfalls an Dritte \u00fcbertragen, sofern dies gesetzlich vorgeschrieben oder soweit Dritte diese Daten im Auftrag von Google verarbeiten. Die im Rahmen von Google Analytics von Ihrem Browser \u00fcbermittelte IP-Adresse wird nicht mit anderen Daten von Google zusammengef\u00fchrt.<\/p>\n<p>Sie k\u00f6nnen die Installation der Cookies durch eine entsprechende Einstellung Ihrer Browser Software verhindern; wir weisen Sie jedoch darauf hin, dass Sie in diesem Fall gegebenenfalls nicht s\u00e4mtliche Funktionen dieser Website voll umf\u00e4nglich nutzen k\u00f6nnen. Durch die Nutzung dieser Website erkl\u00e4ren Sie sich mit der Bearbeitung der \u00fcber Sie erhobenen Daten durch Google in der zuvor beschriebenen Art und Weise und zu dem zuvor benannten Zweck einverstanden.[\/vc_column_text][\/vc_column][\/vc_row]\n","protected":false},"excerpt":{"rendered":"<p>[vc_row type=&#8221;full_width_content&#8221; full_screen_row_position=&#8221;middle&#8221; column_margin=&#8221;default&#8221; column_direction=&#8221;default&#8221; column_direction_tablet=&#8221;default&#8221; column_direction_phone=&#8221;default&#8221; scene_position=&#8221;center&#8221; text_color=&#8221;dark&#8221; text_align=&#8221;left&#8221; row_border_radius=&#8221;none&#8221; row_border_radius_applies=&#8221;bg&#8221; zindex=&#8221;0&#8243; row_position_desktop=&#8221;default&#8221; row_position_tablet=&#8221;inherit&#8221; row_position_phone=&#8221;inherit&#8221; overflow=&#8221;visible&#8221; id=&#8221;hero&#8221; overlay_strength=&#8221;0.3&#8243; gradient_direction=&#8221;left_to_right&#8221; shape_divider_position=&#8221;bottom&#8221; bg_image_animation=&#8221;none&#8221; gradient_type=&#8221;default&#8221; shape_type=&#8221;&#8221;][vc_column column_padding=&#8221;no-extra-padding&#8221; column_padding_tablet=&#8221;inherit&#8221; column_padding_phone=&#8221;inherit&#8221; column_padding_position=&#8221;all&#8221; flex_gap_desktop=&#8221;10px&#8221; column_element_direction_desktop=&#8221;default&#8221;&#8230;<\/p>\n","protected":false},"author":1,"featured_media":0,"parent":0,"menu_order":0,"comment_status":"closed","ping_status":"closed","template":"","meta":{"_acf_changed":false,"footnotes":""},"class_list":["post-1384","page","type-page","status-publish"],"acf":[],"yoast_head":"<!-- This site is optimized with the Yoast SEO plugin v28.3 - https:\/\/yoast.com\/product\/yoast-seo-wordpress\/ -->\n<title>Impressum-en - Museum Lindwurm - Stein am Rhein<\/title>\n<meta name=\"robots\" content=\"index, follow, max-snippet:-1, max-image-preview:large, max-video-preview:-1\" \/>\n<link rel=\"canonical\" href=\"https:\/\/www.museum-lindwurm.ch\/en\/impressum-en\/\" \/>\n<meta property=\"og:locale\" content=\"en_US\" \/>\n<meta property=\"og:type\" content=\"article\" \/>\n<meta property=\"og:title\" content=\"Impressum-en - Museum Lindwurm - Stein am Rhein\" \/>\n<meta property=\"og:description\" content=\"[vc_row type=&#8221;full_width_content&#8221; full_screen_row_position=&#8221;middle&#8221; column_margin=&#8221;default&#8221; column_direction=&#8221;default&#8221; column_direction_tablet=&#8221;default&#8221; column_direction_phone=&#8221;default&#8221; scene_position=&#8221;center&#8221; text_color=&#8221;dark&#8221; text_align=&#8221;left&#8221; row_border_radius=&#8221;none&#8221; row_border_radius_applies=&#8221;bg&#8221; zindex=&#8221;0&#8243; row_position_desktop=&#8221;default&#8221; row_position_tablet=&#8221;inherit&#8221; row_position_phone=&#8221;inherit&#8221; overflow=&#8221;visible&#8221; id=&#8221;hero&#8221; overlay_strength=&#8221;0.3&#8243; gradient_direction=&#8221;left_to_right&#8221; shape_divider_position=&#8221;bottom&#8221; bg_image_animation=&#8221;none&#8221; gradient_type=&#8221;default&#8221; shape_type=&#8221;&#8221;][vc_column column_padding=&#8221;no-extra-padding&#8221; column_padding_tablet=&#8221;inherit&#8221; column_padding_phone=&#8221;inherit&#8221; column_padding_position=&#8221;all&#8221; flex_gap_desktop=&#8221;10px&#8221; column_element_direction_desktop=&#8221;default&#8221;...\" \/>\n<meta property=\"og:url\" content=\"https:\/\/www.museum-lindwurm.ch\/en\/impressum-en\/\" \/>\n<meta property=\"og:site_name\" content=\"Museum Lindwurm - Stein am Rhein\" \/>\n<meta property=\"article:publisher\" content=\"https:\/\/www.facebook.com\/WindlerStiftungKultur\/\" \/>\n<meta property=\"article:modified_time\" content=\"2026-07-20T13:22:54+00:00\" \/>\n<meta name=\"twitter:card\" content=\"summary_large_image\" \/>\n<meta name=\"twitter:label1\" content=\"Est. reading time\" \/>\n\t<meta name=\"twitter:data1\" content=\"4 minutes\" \/>\n<script type=\"application\/ld+json\" class=\"yoast-schema-graph\">{\"@context\":\"https:\\\/\\\/schema.org\",\"@graph\":[{\"@type\":\"WebPage\",\"@id\":\"https:\\\/\\\/www.museum-lindwurm.ch\\\/en\\\/impressum-en\\\/\",\"url\":\"https:\\\/\\\/www.museum-lindwurm.ch\\\/en\\\/impressum-en\\\/\",\"name\":\"Impressum-en - Museum Lindwurm - Stein am Rhein\",\"isPartOf\":{\"@id\":\"https:\\\/\\\/www.museum-lindwurm.ch\\\/en\\\/#website\"},\"primaryImageOfPage\":{\"@id\":\"https:\\\/\\\/www.museum-lindwurm.ch\\\/en\\\/impressum-en\\\/#primaryimage\"},\"image\":{\"@id\":\"https:\\\/\\\/www.museum-lindwurm.ch\\\/en\\\/impressum-en\\\/#primaryimage\"},\"thumbnailUrl\":\"https:\\\/\\\/www.museum-lindwurm.ch\\\/wp-content\\\/uploads\\\/2025\\\/01\\\/icon-schwarz-instagram-1.svg\",\"datePublished\":\"2025-08-20T17:30:21+00:00\",\"dateModified\":\"2026-07-20T13:22:54+00:00\",\"breadcrumb\":{\"@id\":\"https:\\\/\\\/www.museum-lindwurm.ch\\\/en\\\/impressum-en\\\/#breadcrumb\"},\"inLanguage\":\"en-US\",\"potentialAction\":[{\"@type\":\"ReadAction\",\"target\":[\"https:\\\/\\\/www.museum-lindwurm.ch\\\/en\\\/impressum-en\\\/\"]}]},{\"@type\":\"ImageObject\",\"inLanguage\":\"en-US\",\"@id\":\"https:\\\/\\\/www.museum-lindwurm.ch\\\/en\\\/impressum-en\\\/#primaryimage\",\"url\":\"https:\\\/\\\/www.museum-lindwurm.ch\\\/wp-content\\\/uploads\\\/2025\\\/01\\\/icon-schwarz-instagram-1.svg\",\"contentUrl\":\"https:\\\/\\\/www.museum-lindwurm.ch\\\/wp-content\\\/uploads\\\/2025\\\/01\\\/icon-schwarz-instagram-1.svg\"},{\"@type\":\"BreadcrumbList\",\"@id\":\"https:\\\/\\\/www.museum-lindwurm.ch\\\/en\\\/impressum-en\\\/#breadcrumb\",\"itemListElement\":[{\"@type\":\"ListItem\",\"position\":1,\"name\":\"Startseite\",\"item\":\"https:\\\/\\\/www.museum-lindwurm.ch\\\/en\\\/\"},{\"@type\":\"ListItem\",\"position\":2,\"name\":\"Impressum-en\"}]},{\"@type\":\"WebSite\",\"@id\":\"https:\\\/\\\/www.museum-lindwurm.ch\\\/en\\\/#website\",\"url\":\"https:\\\/\\\/www.museum-lindwurm.ch\\\/en\\\/\",\"name\":\"Museum Lindwurm\",\"description\":\"Museum Lindwurm l\u00e4dt Sie zu einer Zeitreise ein! F\u00fchlen Sie sich im 19. Jahrhundert wie zu Hause und erkunden Sie die Lebens- und Arbeitswelte.\",\"publisher\":{\"@id\":\"https:\\\/\\\/www.museum-lindwurm.ch\\\/en\\\/#organization\"},\"potentialAction\":[{\"@type\":\"SearchAction\",\"target\":{\"@type\":\"EntryPoint\",\"urlTemplate\":\"https:\\\/\\\/www.museum-lindwurm.ch\\\/en\\\/?s={search_term_string}\"},\"query-input\":{\"@type\":\"PropertyValueSpecification\",\"valueRequired\":true,\"valueName\":\"search_term_string\"}}],\"inLanguage\":\"en-US\"},{\"@type\":\"Organization\",\"@id\":\"https:\\\/\\\/www.museum-lindwurm.ch\\\/en\\\/#organization\",\"name\":\"Museum Lindwurm\",\"url\":\"https:\\\/\\\/www.museum-lindwurm.ch\\\/en\\\/\",\"logo\":{\"@type\":\"ImageObject\",\"inLanguage\":\"en-US\",\"@id\":\"https:\\\/\\\/www.museum-lindwurm.ch\\\/en\\\/#\\\/schema\\\/logo\\\/image\\\/\",\"url\":\"https:\\\/\\\/www.museum-lindwurm.ch\\\/wp-content\\\/uploads\\\/2024\\\/12\\\/Wort-Bildmarke-Museum-Lindwurm-ws-gelb.png\",\"contentUrl\":\"https:\\\/\\\/www.museum-lindwurm.ch\\\/wp-content\\\/uploads\\\/2024\\\/12\\\/Wort-Bildmarke-Museum-Lindwurm-ws-gelb.png\",\"width\":1159,\"height\":1008,\"caption\":\"Museum Lindwurm\"},\"image\":{\"@id\":\"https:\\\/\\\/www.museum-lindwurm.ch\\\/en\\\/#\\\/schema\\\/logo\\\/image\\\/\"},\"sameAs\":[\"https:\\\/\\\/www.facebook.com\\\/WindlerStiftungKultur\\\/\",\"https:\\\/\\\/www.instagram.com\\\/windlerstiftung\\\/\"]}]}<\/script>\n<!-- \/ Yoast SEO plugin. -->","yoast_head_json":{"title":"Impressum-en - Museum Lindwurm - Stein am Rhein","robots":{"index":"index","follow":"follow","max-snippet":"max-snippet:-1","max-image-preview":"max-image-preview:large","max-video-preview":"max-video-preview:-1"},"canonical":"https:\/\/www.museum-lindwurm.ch\/en\/impressum-en\/","og_locale":"en_US","og_type":"article","og_title":"Impressum-en - Museum Lindwurm - Stein am Rhein","og_description":"[vc_row type=&#8221;full_width_content&#8221; full_screen_row_position=&#8221;middle&#8221; column_margin=&#8221;default&#8221; column_direction=&#8221;default&#8221; column_direction_tablet=&#8221;default&#8221; column_direction_phone=&#8221;default&#8221; scene_position=&#8221;center&#8221; text_color=&#8221;dark&#8221; text_align=&#8221;left&#8221; row_border_radius=&#8221;none&#8221; row_border_radius_applies=&#8221;bg&#8221; zindex=&#8221;0&#8243; row_position_desktop=&#8221;default&#8221; row_position_tablet=&#8221;inherit&#8221; row_position_phone=&#8221;inherit&#8221; overflow=&#8221;visible&#8221; id=&#8221;hero&#8221; overlay_strength=&#8221;0.3&#8243; gradient_direction=&#8221;left_to_right&#8221; shape_divider_position=&#8221;bottom&#8221; bg_image_animation=&#8221;none&#8221; gradient_type=&#8221;default&#8221; shape_type=&#8221;&#8221;][vc_column column_padding=&#8221;no-extra-padding&#8221; column_padding_tablet=&#8221;inherit&#8221; column_padding_phone=&#8221;inherit&#8221; column_padding_position=&#8221;all&#8221; flex_gap_desktop=&#8221;10px&#8221; column_element_direction_desktop=&#8221;default&#8221;...","og_url":"https:\/\/www.museum-lindwurm.ch\/en\/impressum-en\/","og_site_name":"Museum Lindwurm - Stein am Rhein","article_publisher":"https:\/\/www.facebook.com\/WindlerStiftungKultur\/","article_modified_time":"2026-07-20T13:22:54+00:00","twitter_card":"summary_large_image","twitter_misc":{"Est. reading time":"4 minutes"},"schema":{"@context":"https:\/\/schema.org","@graph":[{"@type":"WebPage","@id":"https:\/\/www.museum-lindwurm.ch\/en\/impressum-en\/","url":"https:\/\/www.museum-lindwurm.ch\/en\/impressum-en\/","name":"Impressum-en - Museum Lindwurm - Stein am Rhein","isPartOf":{"@id":"https:\/\/www.museum-lindwurm.ch\/en\/#website"},"primaryImageOfPage":{"@id":"https:\/\/www.museum-lindwurm.ch\/en\/impressum-en\/#primaryimage"},"image":{"@id":"https:\/\/www.museum-lindwurm.ch\/en\/impressum-en\/#primaryimage"},"thumbnailUrl":"https:\/\/www.museum-lindwurm.ch\/wp-content\/uploads\/2025\/01\/icon-schwarz-instagram-1.svg","datePublished":"2025-08-20T17:30:21+00:00","dateModified":"2026-07-20T13:22:54+00:00","breadcrumb":{"@id":"https:\/\/www.museum-lindwurm.ch\/en\/impressum-en\/#breadcrumb"},"inLanguage":"en-US","potentialAction":[{"@type":"ReadAction","target":["https:\/\/www.museum-lindwurm.ch\/en\/impressum-en\/"]}]},{"@type":"ImageObject","inLanguage":"en-US","@id":"https:\/\/www.museum-lindwurm.ch\/en\/impressum-en\/#primaryimage","url":"https:\/\/www.museum-lindwurm.ch\/wp-content\/uploads\/2025\/01\/icon-schwarz-instagram-1.svg","contentUrl":"https:\/\/www.museum-lindwurm.ch\/wp-content\/uploads\/2025\/01\/icon-schwarz-instagram-1.svg"},{"@type":"BreadcrumbList","@id":"https:\/\/www.museum-lindwurm.ch\/en\/impressum-en\/#breadcrumb","itemListElement":[{"@type":"ListItem","position":1,"name":"Startseite","item":"https:\/\/www.museum-lindwurm.ch\/en\/"},{"@type":"ListItem","position":2,"name":"Impressum-en"}]},{"@type":"WebSite","@id":"https:\/\/www.museum-lindwurm.ch\/en\/#website","url":"https:\/\/www.museum-lindwurm.ch\/en\/","name":"Museum Lindwurm","description":"Museum Lindwurm l\u00e4dt Sie zu einer Zeitreise ein! F\u00fchlen Sie sich im 19. Jahrhundert wie zu Hause und erkunden Sie die Lebens- und Arbeitswelte.","publisher":{"@id":"https:\/\/www.museum-lindwurm.ch\/en\/#organization"},"potentialAction":[{"@type":"SearchAction","target":{"@type":"EntryPoint","urlTemplate":"https:\/\/www.museum-lindwurm.ch\/en\/?s={search_term_string}"},"query-input":{"@type":"PropertyValueSpecification","valueRequired":true,"valueName":"search_term_string"}}],"inLanguage":"en-US"},{"@type":"Organization","@id":"https:\/\/www.museum-lindwurm.ch\/en\/#organization","name":"Museum Lindwurm","url":"https:\/\/www.museum-lindwurm.ch\/en\/","logo":{"@type":"ImageObject","inLanguage":"en-US","@id":"https:\/\/www.museum-lindwurm.ch\/en\/#\/schema\/logo\/image\/","url":"https:\/\/www.museum-lindwurm.ch\/wp-content\/uploads\/2024\/12\/Wort-Bildmarke-Museum-Lindwurm-ws-gelb.png","contentUrl":"https:\/\/www.museum-lindwurm.ch\/wp-content\/uploads\/2024\/12\/Wort-Bildmarke-Museum-Lindwurm-ws-gelb.png","width":1159,"height":1008,"caption":"Museum Lindwurm"},"image":{"@id":"https:\/\/www.museum-lindwurm.ch\/en\/#\/schema\/logo\/image\/"},"sameAs":["https:\/\/www.facebook.com\/WindlerStiftungKultur\/","https:\/\/www.instagram.com\/windlerstiftung\/"]}]}},"_links":{"self":[{"href":"https:\/\/www.museum-lindwurm.ch\/en\/wp-json\/wp\/v2\/pages\/1384","targetHints":{"allow":["GET"]}}],"collection":[{"href":"https:\/\/www.museum-lindwurm.ch\/en\/wp-json\/wp\/v2\/pages"}],"about":[{"href":"https:\/\/www.museum-lindwurm.ch\/en\/wp-json\/wp\/v2\/types\/page"}],"author":[{"embeddable":true,"href":"https:\/\/www.museum-lindwurm.ch\/en\/wp-json\/wp\/v2\/users\/1"}],"replies":[{"embeddable":true,"href":"https:\/\/www.museum-lindwurm.ch\/en\/wp-json\/wp\/v2\/comments?post=1384"}],"version-history":[{"count":2,"href":"https:\/\/www.museum-lindwurm.ch\/en\/wp-json\/wp\/v2\/pages\/1384\/revisions"}],"predecessor-version":[{"id":1880,"href":"https:\/\/www.museum-lindwurm.ch\/en\/wp-json\/wp\/v2\/pages\/1384\/revisions\/1880"}],"wp:attachment":[{"href":"https:\/\/www.museum-lindwurm.ch\/en\/wp-json\/wp\/v2\/media?parent=1384"}],"curies":[{"name":"wp","href":"https:\/\/api.w.org\/{rel}","templated":true}]}}